{"id":337,"date":"2017-05-11T21:00:36","date_gmt":"2017-05-11T19:00:36","guid":{"rendered":"https:\/\/www.chorale-locustelle.fr\/wp\/?page_id=337"},"modified":"2022-10-26T18:03:01","modified_gmt":"2022-10-26T16:03:01","slug":"de-2010-a-aujourdhui","status":"publish","type":"page","link":"https:\/\/www.chorale-locustelle.fr\/wp\/?page_id=337","title":{"rendered":"De 2010 \u00e0 2020"},"content":{"rendered":"\n<p><\/p>\n\n\n\n<div class=\"wp-block-columns is-layout-flex wp-container-core-columns-is-layout-9d6595d7 wp-block-columns-is-layout-flex\">\n<div class=\"wp-block-column is-layout-flow wp-block-column-is-layout-flow\" style=\"flex-basis:100%\">\n<div id=\"cct_histo\">\n<h3>Saison 2018-2019<\/h3>\n<table>\n<tbody>\n<tr>\n<td>Dimanche 17 novembre 2019, Locustelle participait au concert caritatif pour FRANCE ADOT &#8211; dons d\u2019 organes et de tissus humains, avec la chorale Foligammes<br \/>Un bon moment solidaire en chansons !\n<p>\u00a0<\/p>\n<\/td>\n<td><img loading=\"lazy\" decoding=\"async\" class=\"alignnone wp-image-1037 size-medium\" src=\"https:\/\/www.chorale-locustelle.fr\/wp\/wp-content\/uploads\/2022\/10\/2019-ConcertADOT-300x200.jpeg\" alt=\"\" width=\"600\" height=\"300\" \/><\/td>\n<\/tr>\n<\/tbody>\n<\/table>\n<p style=\"text-align: left;\">\u00a0<\/p>\n<h3>Saison 2017-2018<\/h3>\n<table>\n<tbody>\n<tr>\n<td>La Chorale Locustelle en partenariat avec\n<p>\u00a0<\/p>\n<p>\u00a0<\/p>\n<p>la Galerie Sonore d&rsquo;Angers et la Mairie d&rsquo;Angers<\/p>\n<p>a eu l&rsquo;honneur de se produire<br \/>\u00e0 M&rsquo;Diq et \u00e0 T\u00e9touan lors d&rsquo;une tourn\u00e9e au Maroc, du 22 au 29 Avril 2018<\/p>\n<\/td>\n<td><img loading=\"lazy\" decoding=\"async\" class=\"alignright wp-image-614 size-medium\" src=\"https:\/\/www.chorale-locustelle.fr\/wp\/wp-content\/uploads\/2018\/05\/Osmose-mediterraneenne-300x225.jpg\" alt=\"\" width=\"300\" height=\"225\" srcset=\"https:\/\/www.chorale-locustelle.fr\/wp\/wp-content\/uploads\/2018\/05\/Osmose-mediterraneenne-300x225.jpg 300w, https:\/\/www.chorale-locustelle.fr\/wp\/wp-content\/uploads\/2018\/05\/Osmose-mediterraneenne-768x576.jpg 768w, https:\/\/www.chorale-locustelle.fr\/wp\/wp-content\/uploads\/2018\/05\/Osmose-mediterraneenne.jpg 1024w, https:\/\/www.chorale-locustelle.fr\/wp\/wp-content\/uploads\/2018\/05\/Osmose-mediterraneenne-267x200.jpg 267w\" sizes=\"auto, (max-width: 300px) 100vw, 300px\" \/><\/td>\n<\/tr>\n<\/tbody>\n<\/table>\n<table>\n<tbody>\n<tr>\n<td><img loading=\"lazy\" decoding=\"async\" class=\"alignnone wp-image-573 size-medium\" src=\"https:\/\/www.chorale-locustelle.fr\/wp\/wp-content\/uploads\/2017\/12\/2018-Cris-du-choeur-211x300.jpg\" alt=\"\" width=\"211\" height=\"300\" srcset=\"https:\/\/www.chorale-locustelle.fr\/wp\/wp-content\/uploads\/2017\/12\/2018-Cris-du-choeur-211x300.jpg 211w, https:\/\/www.chorale-locustelle.fr\/wp\/wp-content\/uploads\/2017\/12\/2018-Cris-du-choeur-141x200.jpg 141w, https:\/\/www.chorale-locustelle.fr\/wp\/wp-content\/uploads\/2017\/12\/2018-Cris-du-choeur.jpg 676w\" sizes=\"auto, (max-width: 211px) 100vw, 211px\" \/><\/td>\n<td>Nous vous avons pr\u00e9sent\u00e9 notre dernier spectacle \u00ab\u00a0Cris du Choeur\u00a0\u00bb\n<p>\u00a0<\/p>\n<p>\u00a0<\/p>\n<p>le samedi 17 mars et le dimanche 18 mars 2018 au th\u00e9atre de Chanzy<\/p>\n<p>\u00a0<\/p>\n<p>De nouvelles dates sont en programmation<\/p>\n<\/td>\n<\/tr>\n<\/tbody>\n<\/table>\n<h3>Saison 2016-2017<\/h3>\n<p>Le 21 juin 2017, nous participons \u00e0 la f\u00eate de la musique \u00e0 Angers, qui rassemble cette ann\u00e9e encore de nombreuses chorales de la r\u00e9gion.<\/p>\n<p>Le samedi 10 juin 2017, Locustelle chante \u00e0 la f\u00eate de la musique \u00e0 Beaucouz\u00e9.<\/p>\n<table>\n<tbody>\n<tr>\n<td><a href=\"https:\/\/chorale-locustelle.fr\/images\/2017 05 20 affiche Cholet.jpg\"><img decoding=\"async\" style=\"min-width: 88px;\" title=\"affiche Cholet\" src=\"https:\/\/chorale-locustelle.fr\/images\/2017 05 20 affiche Cholet_t.jpg\" alt=\"affiche Cholet\" \/><\/a><\/td>\n<td>Le samedi 20 mai 2017 nous sommes accueillis par les S\u00e9gui&rsquo;Singers pour un concert commun au th\u00e9\u00e2tre Interlude de Cholet. Encore de m\u00e9morables moments de convivialit\u00e9.<\/td>\n<\/tr>\n<\/tbody>\n<\/table>\n<table>\n<tbody>\n<tr>\n<td>Le dimanche 26 mars \u00e0 15 h, concert au th\u00e9\u00e2tre Foirail de Chemill\u00e9 au profit des Restos du C\u0153ur.<\/td>\n<td><a href=\"https:\/\/chorale-locustelle.fr\/images\/2017 03 26 Chemille.jpg\"><img decoding=\"async\" style=\"min-width: 256px;\" title=\"\u00c0 Chemill\u00e9\" src=\"https:\/\/chorale-locustelle.fr\/images\/2017 03 26 Chemille_t.jpg\" alt=\"Chemill\u00e9\" \/><\/a><\/td>\n<\/tr>\n<\/tbody>\n<\/table>\n<p>Le dimanche 19 mars 2017, succ\u00e8s record pour notre Loto \u00e0 la M.C.L. de Beaucouz\u00e9.<\/p>\n<p>Le vendredi 16 d\u00e9cembre 2016 \u00e0 18 h, Locustelle participe au concert de No\u00ebl \u00e0 Avrill\u00e9.<\/p>\n<table>\n<tbody>\n<tr>\n<td><img decoding=\"async\" style=\"min-width: 225px;\" src=\"https:\/\/chorale-locustelle.fr\/images\/ACJ2016.jpg\" alt=\"\u00c0 C\u0153ur Joie\" \/><\/td>\n<td>Le 11 au 13 novembre 2016, nous allons \u00e0 Villefranche-sur-Sa\u00f4ne retrouver la chorale \u00c0 C\u0153ur Joie qui nous avait rendu visite en 2012.<br \/>Nous avons donn\u00e9 un concert en commun le samedi 12.<br \/>Nous savions d\u00e9j\u00e0 que nos amis caladois \u00e9taient de joyeux drilles, nous connaissons maintenant leur hospitalit\u00e9.<\/td>\n<\/tr>\n<\/tbody>\n<\/table>\n<table>\n<tbody>\n<tr>\n<td>Le 8 octobre 2016, nous retrouvons le th\u00e9\u00e2tre Chanzy pour une nouvelle repr\u00e9sentation de \u00ab\u00a0Raconte-moi\u2026\u00a0\u00bb.<br \/>Il y avait longtemps que Locustelle ne s&rsquo;\u00e9tait pas produite dans cette salle.<\/td>\n<td><img decoding=\"async\" style=\"min-width: 225px;\" src=\"https:\/\/chorale-locustelle.fr\/images\/chanzy04.jpg\" alt=\"th\u00e9\u00e2tre Chanzy\" \/><\/td>\n<\/tr>\n<\/tbody>\n<\/table>\n<h3>Saison 2015-2016<\/h3>\n<table>\n<tbody>\n<tr>\n<td>Les 26 et 27 septembre, fid\u00e8les depuis l&rsquo;an 2000, nous retournons \u00e0 la Graverie (pr\u00e8s de Vire, Calvados) pour la huiti\u00e8me fois.<br \/>Cette rencontre avec nos amis bocains reste toujours un moment privil\u00e9gi\u00e9 dans la vie de Locustelle.<\/td>\n<td><img decoding=\"async\" style=\"min-width: 145px;\" src=\"https:\/\/chorale-locustelle.fr\/images\/carteGraverie2.jpg\" alt=\"carte de la Graverie\" \/><\/td>\n<\/tr>\n<\/tbody>\n<\/table>\n<table>\n<tbody>\n<tr>\n<td><img decoding=\"async\" style=\"min-width: 216px;\" src=\"https:\/\/chorale-locustelle.fr\/images\/Racontemoi.jpg\" alt=\"Raconte-moi\" \/><\/td>\n<td>Les 28 et 29 novembre, Locustelle chante au centre de congr\u00e8s d&rsquo;Angers.<br \/>Notre nouveau spectacle s&rsquo;intitule \u00ab\u00a0Raconte-moi\u2026\u00a0\u00bb. En plus de l&rsquo;aspect musical, la pr\u00e9sentation a \u00e9t\u00e9 am\u00e9lior\u00e9e par la participation de com\u00e9diens et par des jeux de lumi\u00e8re travaill\u00e9s.<\/td>\n<\/tr>\n<\/tbody>\n<\/table>\n<table>\n<tbody>\n<tr>\n<td>Nous enregistrons notre 7<sup><span style=\"font-size: small;\">e<\/span><\/sup> CD \u00e0 l&rsquo;occasion de ce spectacle. Le premier en live !<\/td>\n<td><img decoding=\"async\" style=\"min-width: 140px;\" src=\"https:\/\/chorale-locustelle.fr\/images\/CD07.gif\" alt=\"CD Raconte-moi\" \/><\/td>\n<\/tr>\n<\/tbody>\n<\/table>\n<table>\n<tbody>\n<tr>\n<td><img decoding=\"async\" style=\"min-width: 361px;\" src=\"https:\/\/chorale-locustelle.fr\/images\/RacontemoiBeaucouze.jpg\" alt=\"28 f\u00e9vrier\" \/><\/td>\n<td>Le 28 f\u00e9vrier, nous chantons \u00e0 nouveau \u00ab\u00a0Raconte-moi\u2026\u00a0\u00bb, \u00e0 la Maison de la Culture et des Loisirs de Beaucouz\u00e9. C&rsquo;est un spectacle offert par la municipalit\u00e9 aux habitants de Beaucouz\u00e9.<br \/>La M.C.L. est un lieu qui nous est tr\u00e8s familier, puisque c&rsquo;est notre salle de r\u00e9p\u00e9tition habituelle.<\/td>\n<\/tr>\n<\/tbody>\n<\/table>\n<p>Le dimanche 13 mars a eu lieu notre traditionnel Loto, avec son succ\u00e8s habituel.<\/p>\n<table>\n<tbody>\n<tr>\n<td>Du 14 au 16 mai, Locustelle passe un week-end de r\u00e9p\u00e9tition et de convivialit\u00e9 \u00e0 Beg Meil, commune de Fouesnant, dans le Finist\u00e8re.<\/td>\n<td style=\"vertical-align: middle;\"><img decoding=\"async\" style=\"min-width: 133px;\" src=\"https:\/\/chorale-locustelle.fr\/images\/2016%2005%2016%20we%20beg%20meil.jpg\" alt=\"Concarneau\" \/><\/td>\n<\/tr>\n<\/tbody>\n<\/table>\n<p>Cette saison se termine par la participation de Locustelle \u00e0 la f\u00eate de la musique d&rsquo;Angers, mais h\u00e9las pas celle de Beaucouz\u00e9, annul\u00e9e pour cause d&rsquo;intemp\u00e9ries.<\/p>\n<h3>Saison 2014-2015<\/h3>\n<p>Cette saison est une saison de pr\u00e9paration de notre prochain grand spectacle, qui sera pr\u00e9sent\u00e9 en novembre 2015. Beaucoup de week-ends de r\u00e9p\u00e9tition.<\/p>\n<table>\n<tbody>\n<tr>\n<td>Les 27 et 28 septembre, week-end de r\u00e9p\u00e9tition \u00e0 Piriac-sur-Mer (44). Une occasion d&rsquo;allier travail et convivialit\u00e9, et de commencer \u00e0 tester quelques uns de nos nouveaux titres sur le port de La Turballe.<\/td>\n<td><img decoding=\"async\" style=\"min-width: 177px;\" title=\"Week-end \u00e0 Piriac\" src=\"https:\/\/chorale-locustelle.fr\/images\/2014%2009%2028%20Piriac.jpg\" alt=\"Piriac.jpg\" \/><\/td>\n<\/tr>\n<\/tbody>\n<\/table>\n<p>Le 8 mars, dixi\u00e8me loto de Locustelle. Cette ann\u00e9e, il a \u00e9t\u00e9 anim\u00e9 par Rose. Encore une forte affluence.<\/p>\n<table>\n<tbody>\n<tr>\n<td><img decoding=\"async\" style=\"min-width: 177px;\" title=\"Al Boughaz\" src=\"https:\/\/chorale-locustelle.fr\/images\/al_boughaz.jpg\" alt=\"Al Boughaz\" \/><\/td>\n<td>Du 5 au 12 avril, nous avons re\u00e7u la chorale \u00ab\u00a0Al Boughaz\u00a0\u00bb de Tanger (Maroc). Seize jeunes choristes, leur chef et quelques accompagnateurs.<br \/>Une occasion de plus de constater que le chant permet de r\u00e9unir les gens par del\u00e0 les diff\u00e9rences de g\u00e9n\u00e9ration et de culture.<br \/>Cette rencontre a \u00e9t\u00e9 ponctu\u00e9e par de nombreuses activit\u00e9s en commun, en particulier un repas convivial le vendredi et un spectacle commun le samedi 11 \u00e0 la salle Beau Site de Saint-Georges sur Loire.<\/td>\n<\/tr>\n<\/tbody>\n<\/table>\n<table>\n<tbody>\n<tr>\n<td>Le 18 avril 2015, Locustelle participe \u00e0 la c\u00e9l\u00e9bration de l&rsquo;aniversaire du centre commercial l&rsquo;Atoll.<\/td>\n<td><img decoding=\"async\" style=\"min-width: 267px;\" title=\"L'Atoll\" src=\"https:\/\/chorale-locustelle.fr\/images\/2015%2004%2018%20l%20atoll.jpg\" alt=\"L'Atoll\" \/><\/td>\n<\/tr>\n<\/tbody>\n<\/table>\n<table>\n<tbody>\n<tr>\n<td><img decoding=\"async\" title=\"Dinard\" src=\"https:\/\/chorale-locustelle.fr\/images\/2015%2005%2017%20dinard.jpg\" alt=\"Vents et mar\u00e9es\" \/><\/td>\n<td>Nous sommes invit\u00e9s le week-end des 16 et 17 mai par la chorale \u00ab Vents et Mar\u00e9es \u00bb de Dinard.<br \/>Encore un grand moment de convivialit\u00e9, ponctu\u00e9 par un concert en commun le dimanche.<\/td>\n<\/tr>\n<\/tbody>\n<\/table>\n<p>Les 20 et 21 juin, Locustelle participe aux f\u00eates de la musique de Beaucouz\u00e9 et d&rsquo;Angers.<\/p>\n<h3>Saison 2013-2014<\/h3>\n<table>\n<tbody>\n<tr>\n<td><img decoding=\"async\" style=\"min-width: 294px;\" title=\"Salle de la Loge \u00e0 Beaupr\u00e9au\" src=\"https:\/\/chorale-locustelle.fr\/images\/LogeBeaupreau.jpg\" alt=\"LogeBeaupreau.jpg\" \/><\/td>\n<td>Le 26 octobre, nous chantons pour l&rsquo;association Leuc\u00e9mie Espoir au Centre Culturel de la Loge \u00e0 Beaupr\u00e9au.<br \/>Le public et l&rsquo;ambiance \u00e9taient au rendez-vous.<\/td>\n<\/tr>\n<\/tbody>\n<\/table>\n<p>Le 16 novembre, Locustelle donne au th\u00e9\u00e2tre Chanzy la 3<sup><span style=\"font-size: small;\">e<\/span><\/sup> repr\u00e9sentation de son spectacle \u00ab\u00a0ABC D&rsquo;Airs.\u00a0\u00bb<\/p>\n<p>Le 17 novembre, Locustelle f\u00eate les 35 ans d&rsquo;existence de la chorale.<\/p>\n<table>\n<tbody>\n<tr>\n<td>Le 12 janvier, Locustelle participe \u00e0 la pr\u00e9sentation des v\u0153ux de Mme le maire de Bouchemaine, en compagnie des chorales \u00ab\u00a0Chantemaine\u00a0\u00bb et \u00ab\u00a0Les Embrum\u00e9s\u00a0\u00bb.<\/td>\n<td><img decoding=\"async\" style=\"min-width: 177px;\" src=\"https:\/\/chorale-locustelle.fr\/images\/voeuxBouchemaine2014.jpg\" alt=\"voeux Bouchemaine\" \/><\/td>\n<\/tr>\n<\/tbody>\n<\/table>\n<p>Le 6 avril, toujours beaucoup de succ\u00e8s pour notre Loto.<\/p>\n<p>Les 14 et 21 juin, nous participons aux f\u00eates de la musique de Beaucouz\u00e9 et d&rsquo;Angers.<\/p>\n<h3>Saison 2012-2013<\/h3>\n<p>Le d\u00e9but de cette saison est plac\u00e9 sous le signe de la pr\u00e9paration du spectacle \u00ab\u00a0A B C D&rsquo;airs\u00a0\u00bb.<br \/>Cette pr\u00e9paration prend la plus grande partie de notre \u00e9nergie : rentr\u00e9e d\u00e8s le 27 ao\u00fbt, nombreux week-ends de r\u00e9p\u00e9tition\u2026 Mais il nous en reste assez pour quelques autres activit\u00e9s.<\/p>\n<table>\n<tbody>\n<tr>\n<td>Le week-end du 2 au 4 novembre, nous recevons pour la premi\u00e8re fois la chorale \u00ab\u00a0\u00c0 C\u0153ur Joie\u00a0\u00bb de Villefranche sur Sa\u00f4ne. Nous donnons un concert en commun le samedi 3.<br \/>Le joyeux temp\u00e9rament de nos amis du Beaujolais a contribu\u00e9 \u00e0 faire de ce week-end un moment des plus festifs.<\/td>\n<td><img decoding=\"async\" style=\"min-width: 200px;\" title=\"\u00c0 C\u0153ur Joie\" src=\"https:\/\/chorale-locustelle.fr\/images\/caladois.jpg\" alt=\"caladois.jpg\" \/><\/td>\n<\/tr>\n<\/tbody>\n<\/table>\n<table>\n<tbody>\n<tr>\n<td><img decoding=\"async\" style=\"min-width: 133px;\" title=\"Christophe \u00e0 la Graverie\" src=\"https:\/\/chorale-locustelle.fr\/images\/christophe.jpg\" alt=\"christophe.jpg\" \/><\/td>\n<td>Les 24 et 25 novembre, comme tous les deux ans depuis 2000, nous allons chanter \u00e0 La Graverie, pr\u00e8s de Vire (Calvados). Plus qu&rsquo;une habitude, une v\u00e9ritable institution.<br \/>Nous sommes h\u00e9berg\u00e9s chez l&rsquo;habitant. L&rsquo;accueil est toujours aussi chaleureux.C&rsquo;est aussi l&rsquo;occasion de roder quelques nouveaux titres de notre futur spectacle.<\/td>\n<\/tr>\n<\/tbody>\n<\/table>\n<table>\n<tbody>\n<tr>\n<td>Le point d&rsquo;orgue de la saison : notre grand spectacle \u00ab ABC d&rsquo;airs \u00bb au Centre de Congr\u00e8s d&rsquo;Angers :\n<p>\u00a0<\/p>\n<p>\u00a0<\/p>\n<ul>\n<li>samedi 9 mars \u00e0 20h30<\/li>\n<li>dimanche 10 mars \u00e0 15h30<\/li>\n<\/ul>\n<p>Un franc succ\u00e8s qui r\u00e9compense le travail de tous : choristes bien s\u00fbr, mais aussi le chef et la technique ainsi que les musiciens, avec une mention particuli\u00e8re pour la commission artistique.<\/p>\n<\/td>\n<td><img decoding=\"async\" style=\"min-width: 250px;\" title=\"ABC D'airs\" src=\"https:\/\/chorale-locustelle.fr\/images\/abcdairs.jpg\" alt=\"abcdairs.jpg\" \/><\/td>\n<\/tr>\n<\/tbody>\n<\/table>\n<p>L&rsquo;ann\u00e9e continue avec une participation \u00e0 l&rsquo;anniversaire de l&rsquo;Atoll le 6 avril et le loto le 7 avril.<br \/>Locustelle participe \u00e9galement comme \u00e0 son habitude \u00e0 la f\u00eate de la musique de Beaucouz\u00e9 le 15 juin.<\/p>\n<h3>Saison 2011-2012<\/h3>\n<p>Le 16 d\u00e9cembre 2011, Rochefort Animation organise son Concert de No\u00ebl dans l&rsquo;\u00e9glise de Rochefort sur Loire avec Locustelle. Accueil chaleureux, du moins dans les c\u0153urs, car la temp\u00e9rature, elle, est&#8230; digne d&rsquo;un vrai mois de d\u00e9cembre.La chorale organise son loto le 18 mars. B\u00e9n\u00e9ficiant de locaux plus grands que par la pass\u00e9, il b\u00e9n\u00e9ficie d&rsquo;un plus grand nombre de participants.Saison 2010-2011Le 18 juin 2011, Locustelle participe \u00e0 la f\u00eate de la musique de Beaucouz\u00e9.<\/p>\n<table>\n<tbody>\n<tr>\n<td><img decoding=\"async\" title=\"spectacle PHI\" src=\"https:\/\/chorale-locustelle.fr\/images\/20111014phi.jpg\" alt=\"20111014phi.jpg\" \/><\/td>\n<td>Le 14 octobre 2010, spectacle au th\u00e9\u00e2tre Chanzy pour Pharmacie Humanitaire Internationale (PHI).<\/td>\n<\/tr>\n<tr>\n<td>Apr\u00e8s plus d&rsquo;un an de travaux, la M.C.L. va rouvrir bient\u00f4t. Locustelle reprendra ses r\u00e9p\u00e9titions \u00e0 Beaucouz\u00e9 d\u00e9but janvier 2012, mais participe d\u00e8s le 11 d\u00e9cembre aux c\u00e9r\u00e9monies d&rsquo;inauguration en donnant un concert dans le b\u00e2timent r\u00e9nov\u00e9.<\/td>\n<td><img decoding=\"async\" style=\"min-width: 200px;\" title=\"plafond MCL\" src=\"https:\/\/chorale-locustelle.fr\/images\/mcl-plafond.jpg\" alt=\"mcl-plafond.jpg\" \/><\/td>\n<\/tr>\n<tr>\n<td>Les 24 et 25 mars, au th\u00e9\u00e2tre Foirail de Chemill\u00e9, la chorale rejoue sans doute pour la derni\u00e8re fois \u00ab\u00a0\u00c9chapp\u00e9es belles\u00a0\u00bb.<\/td>\n<td><img decoding=\"async\" style=\"min-width: 200px;\" title=\"25 mars 2012 th\u00e9\u00e2tre foirail Chemill\u00e9\" src=\"https:\/\/chorale-locustelle.fr\/images\/20120325chemille.jpg\" alt=\"20120325chemille.jpg\" \/><\/td>\n<\/tr>\n<\/tbody>\n<tbody>\n<tr>\n<td><img decoding=\"async\" style=\"min-width: 300px;\" title=\"L'espace Galil\u00e9e\" src=\"https:\/\/chorale-locustelle.fr\/images\/esp-gal.jpg\" alt=\"Espace Galil\u00e9e\" \/><\/td>\n<td>\u00c0 partir de la rentr\u00e9e du 30 ao\u00fbt 2010, en raison d&rsquo;importants travaux de r\u00e9novation \u00e0 la M.C.L., Locustelle change de nid.<br \/>R\u00e9p\u00e9titions du lundi \u00e0 l&rsquo;espace Galil\u00e9e de Saint Jean de Lini\u00e8res. Plusieurs r\u00e9p\u00e9titions de week end au Centre dioc\u00e9sain Saint Jean d&rsquo;Angers.<\/td>\n<\/tr>\n<\/tbody>\n<tbody>\n<tr>\n<td>Le 16 octobre 2010, comme tous les 2 ans, nous allons chanter \u00e0 La Graverie (Calvados), pr\u00e8s de Vire. Nos amis normands nous r\u00e9servent toujours un accueil tr\u00e8s chaleureux.<br \/>Un avant-go\u00fbt de ce que sera le grand spectacle que nous pr\u00e9parons pour d\u00e9but 2011.<\/td>\n<td><img decoding=\"async\" style=\"min-width: 200px;\" title=\"San Francisco Graverie 2010\" src=\"https:\/\/chorale-locustelle.fr\/images\/sanfrancisco_mini.jpg\" alt=\"Graverie 2010\" \/><\/td>\n<\/tr>\n<\/tbody>\n<tbody>\n<tr>\n<td><a href=\"https:\/\/chorale-locustelle.fr\/repertoi.htm#CD6\"><u><span style=\"color: #0066cc;\"><img decoding=\"async\" style=\"min-width: 151px;\" title=\"Echapp\u00e9es belles : le CD\" src=\"https:\/\/chorale-locustelle.fr\/images\/cd-6.jpg\" alt=\"Echapp\u00e9es belles : le CD\" \/><\/span><\/u><\/a><\/td>\n<td>Le week-end du 6 et 7 novembre 2011, enregistrement de notre CD \u00c9chapp\u00e9es belles.<br \/>C&rsquo;est le 6<sup>e<\/sup> d&rsquo;une liste que vous pouvez retrouver <a href=\"https:\/\/www.chorale-locustelle.fr\/wp\/?page_id=83\"><u><span style=\"color: #0066cc;\">ici<\/span><\/u><\/a>.<\/td>\n<\/tr>\n<\/tbody>\n<tbody>\n<tr>\n<td>Tout le travail de cette ann\u00e9e tendait vers ce but : le spectacle \u00c9chapp\u00e9es belles, pour f\u00eater les 25 ans de direction de Henri. Un r\u00e9pertoire tr\u00e8s largement renouvel\u00e9, une chor\u00e9graphie beaucoup plus riche que d&rsquo;habitude&#8230;<br \/>Deux s\u00e9ances \u00e9taient initialement pr\u00e9vues, les 12 et 13 f\u00e9vrier 2011, au th\u00e9\u00e2tre Chanzy. Tous les billets s&rsquo;\u00e9tant envol\u00e9s d\u00e8s la premi\u00e8re distribution, il fallu organiser une troisi\u00e8me repr\u00e9sentation le 19 mars.<\/td>\n<td><a href=\"https:\/\/chorale-locustelle.fr\/images\/Locustelle3b.jpg\"><img decoding=\"async\" style=\"min-width: 250px; height: 130px;\" title=\"Echapp\u00e9es belles : le spectacle\" src=\"https:\/\/chorale-locustelle.fr\/images\/Locustelle3b_m.jpg\" alt=\"Echapp\u00e9es belles : le spectacle\" \/><\/a><\/td>\n<\/tr>\n<\/tbody>\n<tbody>\n<tr>\n<td><img decoding=\"async\" style=\"min-width: 250px;\" title=\"Bucarest : plein air sous un kiosque\" src=\"https:\/\/chorale-locustelle.fr\/images\/kiosquebucarest2011.jpg\" alt=\"Bucarest : plein air sous un kiosque\" \/><\/td>\n<td>Du 30 avril au 7 mai 2011, Locustelle s&rsquo;envole \u00e0 nouveau. En passant par la Bucarest (Roumanie), nous rejoignons Varna (Bulgarie), au bord de la Mer Noire, o\u00f9 nous avons des liens avec la chorale Ars Musica.<\/td>\n<\/tr>\n<\/tbody>\n<\/table>\n<\/div>\n<p><!-- \/class cct_histo --><\/p>\n<\/div>\n<\/div>\n","protected":false},"excerpt":{"rendered":"<p>Saison 2018-2019 Dimanche 17 novembre 2019, Locustelle participait au concert caritatif pour FRANCE ADOT &#8211; dons d\u2019 organes et de tissus humains, avec la chorale FoligammesUn bon moment solidaire en chansons ! \u00a0 \u00a0 Saison 2017-2018 La Chorale Locustelle en partenariat avec \u00a0 \u00a0 la Galerie Sonore d&rsquo;Angers et la &hellip;<\/p>\n","protected":false},"author":1,"featured_media":0,"parent":48,"menu_order":7,"comment_status":"closed","ping_status":"closed","template":"","meta":{"ngg_post_thumbnail":0,"_mc_calendar":[],"footnotes":""},"class_list":["post-337","page","type-page","status-publish","hentry"],"_links":{"self":[{"href":"https:\/\/www.chorale-locustelle.fr\/wp\/index.php?rest_route=\/wp\/v2\/pages\/337","targetHints":{"allow":["GET"]}}],"collection":[{"href":"https:\/\/www.chorale-locustelle.fr\/wp\/index.php?rest_route=\/wp\/v2\/pages"}],"about":[{"href":"https:\/\/www.chorale-locustelle.fr\/wp\/index.php?rest_route=\/wp\/v2\/types\/page"}],"author":[{"embeddable":true,"href":"https:\/\/www.chorale-locustelle.fr\/wp\/index.php?rest_route=\/wp\/v2\/users\/1"}],"replies":[{"embeddable":true,"href":"https:\/\/www.chorale-locustelle.fr\/wp\/index.php?rest_route=%2Fwp%2Fv2%2Fcomments&post=337"}],"version-history":[{"count":46,"href":"https:\/\/www.chorale-locustelle.fr\/wp\/index.php?rest_route=\/wp\/v2\/pages\/337\/revisions"}],"predecessor-version":[{"id":1045,"href":"https:\/\/www.chorale-locustelle.fr\/wp\/index.php?rest_route=\/wp\/v2\/pages\/337\/revisions\/1045"}],"up":[{"embeddable":true,"href":"https:\/\/www.chorale-locustelle.fr\/wp\/index.php?rest_route=\/wp\/v2\/pages\/48"}],"wp:attachment":[{"href":"https:\/\/www.chorale-locustelle.fr\/wp\/index.php?rest_route=%2Fwp%2Fv2%2Fmedia&parent=337"}],"curies":[{"name":"wp","href":"https:\/\/api.w.org\/{rel}","templated":true}]}}