{"id":333,"date":"2017-05-12T20:40:20","date_gmt":"2017-05-12T18:40:20","guid":{"rendered":"https:\/\/www.chorale-locustelle.fr\/wp\/?page_id=333"},"modified":"2017-05-18T10:47:02","modified_gmt":"2017-05-18T08:47:02","slug":"de-1990-a-2000","status":"publish","type":"page","link":"https:\/\/www.chorale-locustelle.fr\/wp\/?page_id=333","title":{"rendered":"De 1990 \u00e0 2000"},"content":{"rendered":"<div id=\"cct_histo\">\n<table>\n<tr>\n<td colspan=\"3\">1991 (du 19 au 26 avril) voit Locustelle s&rsquo;envoler vers la Bulgarie, \u00e0 Varna sur les bords de la Mer Noire. Deux concerts sont donn\u00e9s avec la Chorale des Instituteurs  de Varna.<\/td>\n<\/tr>\n<tr>\n<td style=\"text-align:center\"><a href=\"https:\/\/chorale-locustelle.fr\/images\/ch-varn2.jpg\" target=\"_blank\"><img decoding=\"async\" src=\"https:\/\/chorale-locustelle.fr\/images\/ch-varn2-m.jpg\" style=\"width:300px\" title=\"Locustelle \u00e0 Varna\" alt=\"Varna\" \/><\/a><\/td>\n<td style=\"text-align:center\"><img decoding=\"async\" src=\"https:\/\/chorale-locustelle.fr\/images\/d-bulga.gif\" style=\"width:54px\" \/><\/td>\n<td style=\"text-align:center\"><a href=\"https:\/\/chorale-locustelle.fr\/images\/folk-bul.jpg\" target=\"_blank\"><img decoding=\"async\" src=\"https:\/\/chorale-locustelle.fr\/images\/folk-bul-m.jpg\" style=\"min-width:200px\" title=\"Folklore bulgare\" alt=\"Folklore\" \/><\/a><\/td>\n<\/tr>\n<\/table>\n<p><!-- --><!-- --><!-- --><!-- --><!-- --><!-- --><!-- --><!-- --><!-- --><!-- --><!-- --><\/p>\n<table>\n<tr>\n<td><a href=\"https:\/\/chorale-locustelle.fr\/images\/ch-geor.jpg\" target=\"_blank\"><img decoding=\"async\" src=\"https:\/\/chorale-locustelle.fr\/images\/ch-geor-m.jpg\" style=\"min-width:200px\" title=\"Chorale de St Georges sur Loire\" alt=\"St Georges sur Loire\" \/><\/a><\/td>\n<td>1992 voit de nouveau les choristes de Varna en Anjou, du 1<sup>er<\/sup> au 6 juillet, avec deux concerts \u00e0 Beaucouz\u00e9 et \u00e0 Saint Georges sur Loire.<br \/>\nEn avril, dans le cadre des choralies de Murs Erign\u00e9, concert commun avec la chorale de l&rsquo;\u00c9cole de Musique locale.<br \/>\nEn d\u00e9cembre, d\u00e9placement \u00e0 Saint Gr\u00e9goire pr\u00e8s de Rennes pour un concert commun avec la chorale Voix et Harmonies de Saint Gr\u00e9goire.<\/td>\n<\/tr>\n<\/table>\n<p><!-- --><!-- --><!-- --><!-- --><!-- --><!-- --><!-- --><!-- --><!-- --><!-- --><!-- --><\/p>\n<table>\n<tr>\n<td style=\"text-align:centerv\">En 1993 Locustelle enregistre une cassette,<\/td>\n<td style=\"text-align:center\">en 1994 un premier CD <\/td>\n<td style=\"text-align:center\">et en 1997 sort un second CD.<\/td>\n<\/tr>\n<tr>\n<td style=\"text-align:center\"><img decoding=\"async\" src=\"https:\/\/chorale-locustelle.fr\/images\/k7-1.jpg\" style=\"height:60px\" title=\"Cassette\" alt=\"\" \/><\/td>\n<td style=\"text-align:center\"><img decoding=\"async\" src=\"https:\/\/chorale-locustelle.fr\/images\/cd-1.jpg\" style=\"height:60px\" title=\"1er CD\" alt=\"\" \/><\/td>\n<td style=\"text-align:center\"><img decoding=\"async\" src=\"https:\/\/chorale-locustelle.fr\/images\/cd-2.jpg\" style=\"height:60px\" title=\"2eme CD\" alt=\"\" \/><\/td>\n<\/tr>\n<\/table>\n<p><!-- --><!-- --><!-- --><!-- --><!-- --><!-- --><!-- --><!-- --><!-- --><!-- --><!-- --><\/p>\n<p><a href=\"https:\/\/chorale-locustelle.fr\/images\/ch-queb1.jpg\" target=\"_blank\"><img decoding=\"async\" src=\"https:\/\/chorale-locustelle.fr\/images\/ch-queb1-m.jpg\" style=\"width:200px;float:right;margin-left:10px\" title=\"Photo du groupe \u00e0 Qu\u00e9bec\" alt=\"Groupe\" \/><\/a><img decoding=\"async\" src=\"https:\/\/chorale-locustelle.fr\/images\/d-quebe.gif\" style=\"width:40px;float:left;margin-right:10px\" title=\"Drapeau du Qu\u00e9bec\" alt=\"Drapeau\" \/>C&rsquo;est du 23 au 30 avril 1994 que Locustelle part visiter les \u00ab\u00a0cousins du Qu\u00e9bec\u00a0\u00bb pour une s\u00e9rie de 3 concerts : \u00e0 Coaticook avec La Cl\u00e9 des Champs, \u00e0 Montr\u00e9al avec les M\u00e9lodistes de Brossard, et \u00e0 Trois Rivi\u00e8res avec la chorale Promusica.<\/p>\n<p>Le 2 juillet la chorale Appassionata de Brive nous rejoint en Anjou pour un concert commun.<\/p>\n<p><!-- --><!-- --><!-- --><!-- --><!-- --><!-- --><!-- --><!-- --><!-- --><!-- --><!-- --><\/p>\n<p>Le week end du 11 novembre, c&rsquo;est la ville de Selb en Allemagne qui accueille la chorale, dans le cadre des \u00e9changes entre les deux communes de Selb et Beaucouz\u00e9.<\/p>\n<p>En mars 1995, c&rsquo;est la Loire Atlantique avec la chorale M\u00e9lodie en Retz de Machecoul qui accueille Locustelle.<\/p>\n<p>En avril, concert \u00e0 Bouchemaine.<\/p>\n<p><!-- --><!-- --><!-- --><!-- --><!-- --><!-- --><!-- --><!-- --><!-- --><!-- --><!-- --><\/p>\n<table style=\"margin:0\">\n<tr>\n<td><a href=\"https:\/\/chorale-locustelle.fr\/images\/ch-95a.jpg\" target=\"_blank\"><img decoding=\"async\" src=\"https:\/\/chorale-locustelle.fr\/images\/ch-95a-m.jpg\" border=\"0\" style=\"min-width:200px\" title=\"La chorale devant la MCL\" alt=\"MCL\" \/><\/a><\/td>\n<td>En mai, une escapade \u00e0 Narbonne permet de rencontrer l&rsquo;Ensemble Vocal Trioline et l&rsquo;Ensemble vocal de Roquelongue.<br \/>\nEn juin, c&rsquo;est la Rose des Vents qui vient chanter \u00e0 Beaucouz\u00e9.<br \/>\nEn septembre, Locustelle participe au rassemblement \u00ab\u00a01000 choristes \u00e0 l&rsquo;unisson\u00a0\u00bb \u00e0 Angers.<br \/>\nEn d\u00e9cembre, concert au profit d&rsquo;une \u00e9cole de la p\u00e9riph\u00e9rie d&rsquo;Angers.<\/td>\n<\/tr>\n<\/table>\n<p><!-- --><!-- --><!-- --><!-- --><!-- --><!-- --><!-- --><!-- --><!-- --><!-- --><!-- --><\/p>\n<table style=\"margin:0\">\n<tr>\n<td>Avril 1996, 2<sup>\u00e8me<\/sup> s\u00e9jour de Locustelle \u00e0 Varna. Concert donn\u00e9 au Palais des Festivals de Varna avec la chorale des Instituteurs devenue \u00ab\u00a0Ars Musica\u00a0\u00bb.<\/td>\n<td><a href=\"https:\/\/chorale-locustelle.fr\/images\/varndan1.jpg\" target=\"_blank\">\t<img decoding=\"async\" src=\"https:\/\/chorale-locustelle.fr\/images\/varndan1-m.jpg\" style=\"min-width:300px\" title=\"Groupe de danses Bulgare\" alt=\"Danses\" \/><\/a><\/td>\n<\/tr>\n<\/table>\n<p><!-- --><!-- --><!-- --><!-- --><!-- --><!-- --><!-- --><!-- --><!-- --><!-- --><!-- --><\/p>\n<p>Le 1<sup>er<\/sup> juin, la chorale M\u00e9lodie en Retz de Machecoul est accueillie \u00e0 Beaucouz\u00e9 par Locustelle.<\/p>\n<p>En novembre, 2 concerts \u00e0 M&ucirc;rs Erign\u00e9 avec les chorales Trioline de Narbonne et Chanteloire des Ponts de C\u00e9.<\/p>\n<p>Et, le 20 d\u00e9cembre, Locustelle et le Ch\u0153ur d&rsquo;Hommes d&rsquo;Anjou se retrouvent en l&rsquo;\u00e9glise Saint Aubin des Ponts de C\u00e9 pour une prestation commune.<\/p>\n<p><!-- --><!-- --><!-- --><!-- --><!-- --><!-- --><!-- --><!-- --><!-- --><!-- --><!-- --><\/p>\n<p>En avril, concert \u00e0 Saint-Sylvain-d&rsquo;Anjou avec la chorale de la Veill\u00e8re.<\/p>\n<p>Le 15 novembre de la m\u00eame ann\u00e9e, Contrechant retrouve Locustelle au Th\u00e9\u00e2tre Chanzy d&rsquo;Angers lors d&rsquo;un concert avec le Ch\u0153ur d&rsquo;Hommes d&rsquo;Anjou.<\/p>\n<p>Le 7 d\u00e9cembre, d\u00e9placement \u00e0 Cholet en compagnie de Chanteloire des Ponts-de-C\u00e9, pour retrouver La Cl\u00e9 des Chants et Croque-notes de Cholet.<\/p>\n<p><!-- --><!-- --><!-- --><!-- --><!-- --><!-- --><!-- --><!-- --><!-- --><!-- --><!-- --><\/p>\n<table>\n<tr>\n<td><img decoding=\"async\" src=\"https:\/\/chorale-locustelle.fr\/images\/ch-20ans.jpg\" style=\"min-width:328px\" \/><\/td>\n<td>En 1998, pour son 20<sup>e<\/sup> anniversaire, Locustelle organise son concert au Centre des Congr\u00e8s d&rsquo;Angers, et invite pour l&rsquo;occasion l&rsquo;Orchestre Symphonique du Lyc\u00e9e David d&rsquo;Angers. La demande est telle, qu&rsquo;un 2<sup>e<\/sup> concert doit \u00eatre programm\u00e9 au Th\u00e9\u00e2tre Chanzy : il a lieu le 8 novembre avec la participation du m\u00eame orchestre.<\/td>\n<\/tr>\n<\/table>\n<table>\n<tr>\n<td>Lors de ces deux concerts, Locustelle se sera produite devant pr\u00e8s de 2000 personnes.<br \/>\nAvant de f\u00eater ses 20 ans, la chorale avait chant\u00e9 au Th\u00e9&acirc;tre de l&rsquo;H&ocirc;tel de Ville de Saint Barth\u00e9l\u00e9my d&rsquo;Anjou au profit de l&rsquo;association caritative Les Amis des Enfants du Monde (A.E.M.).<\/td>\n<td><img decoding=\"async\" src=\"https:\/\/chorale-locustelle.fr\/images\/gateauf.jpg\" style=\"min-width:27px\" title=\"Les femmes\" alt=\"Les femmes\" \/><\/td>\n<td><img decoding=\"async\" src=\"https:\/\/chorale-locustelle.fr\/images\/gateauh.jpg\" style=\"min-width:33px\" title=\"Les hommes\" alt=\"Les hommes\" \/><\/td>\n<td><img decoding=\"async\" src=\"https:\/\/chorale-locustelle.fr\/images\/gateau.jpg\" style=\"min-width:267px\" title=\"Le g&acirc;teau d'anniversaire\" alt=\"G&acirc;teau\" \/><\/td>\n<\/tr>\n<\/table>\n<p><!-- --><!-- --><!-- --><!-- --><!-- --><!-- --><!-- --><!-- --><!-- --><!-- --><!-- --><\/p>\n<p>En juin 1998, concert \u00e0 M&ucirc;rs Erign\u00e9 avec la chorale locale et la chorale Sainte Bernadette.<\/p>\n<p>Le 12 octobre, c&rsquo;est la commune de Bouchemaine qui invite Locustelle pour un concert en compagnie d&rsquo;un groupe hongrois.(Chorale et Orchestre Franz Litz de Weszprem).<\/p>\n<p>Le 21 novembre la Chorale se d\u00e9place au Lion d&rsquo;Angers.<\/p>\n<table style=\"margin:0\">\n<tr>\n<td><img decoding=\"async\" src=\"https:\/\/chorale-locustelle.fr\/images\/bl-reun1.gif\" style=\"min-width:60px;float:left;margin-right:10px\" title=\"Blason R\u00e9union\" alt=\"\" \/>1999 est \u00e9galement une ann\u00e9e tr\u00e8s importante, puisque la Chorale s&rsquo;envole pour l&rsquo;Ile de la R\u00e9union du 16 au 23 avril, o\u00f9 elle rencontre la Chorale Ch\u0153ur Aliz\u00e9s de Saint Joseph, et l&rsquo;Ensemble Vocal Doumka de Saint Denis au cours de trois concerts \u00e0 St Denis, St Joseph et Le Tampon.<br \/>\n\u00c0 peine rentr\u00e9e de la R\u00e9union, Locustelle repart \u00e0 Plouzan\u00e9 pr\u00e8s de Brest, o\u00f9 elle rencontre la Chorale Iroise et son Ch\u0153ur de Marins, le 26 juin.<br \/>\nLe 13 novembre, la Chorale Iroise nous retrouve au Th\u00e9\u00e2tre Chanzy d&rsquo;Angers.<\/td>\n<td style=\"vertical-align:middle;border:none\"><img decoding=\"async\" src=\"https:\/\/chorale-locustelle.fr\/images\/bateau.jpg\" style=\"min-width:185px\" title=\"Bateau\" alt=\"\" \/><\/td>\n<\/tr>\n<\/table>\n<p><!-- --><!-- --><!-- --><!-- --><!-- --><!-- --><!-- --><!-- --><!-- --><!-- --><!-- --><\/p>\n<table>\n<tr>\n<td><a href=\"https:\/\/chorale-locustelle.fr\/images\/ch-danse.jpg\" target=\"_blank\"><img decoding=\"async\" src=\"https:\/\/chorale-locustelle.fr\/images\/ch-danse-m.jpg\" style=\"min-width:300px\" title=\"Locustelle et les R\u00e9unionnais lors de l'\u00e9change avec Selb\" alt=\"\u00c9change\" \/><\/a><\/td>\n<td>Pour l&rsquo;ann\u00e9e 2000, c&rsquo;est Ch\u0153ur Aliz\u00e9s et Doumka de l&rsquo;Ile de la \tR\u00e9union qui passent 10 jours en Anjou et se produisent en public lors de deux concerts avec Locustelle \u00e0 la M.C.L. de Beaucouz\u00e9 le 27 mai et au Th\u00e9\u00e2tre Chanzy d&rsquo;Angers le 28 mai.<\/td>\n<\/tr>\n<\/table>\n<\/div>\n<p> <!-- \/#cct_histo --><\/p>\n","protected":false},"excerpt":{"rendered":"<p>1991 (du 19 au 26 avril) voit Locustelle s&rsquo;envoler vers la Bulgarie, \u00e0 Varna sur les bords de la Mer Noire. Deux concerts sont donn\u00e9s avec la Chorale des Instituteurs de Varna. 1992 voit de nouveau les choristes de Varna en Anjou, du 1er au 6 juillet, avec deux concerts &hellip;<\/p>\n","protected":false},"author":1,"featured_media":0,"parent":48,"menu_order":9,"comment_status":"closed","ping_status":"closed","template":"","meta":{"ngg_post_thumbnail":0,"_mc_calendar":[],"footnotes":""},"class_list":["post-333","page","type-page","status-publish","hentry"],"_links":{"self":[{"href":"https:\/\/www.chorale-locustelle.fr\/wp\/index.php?rest_route=\/wp\/v2\/pages\/333","targetHints":{"allow":["GET"]}}],"collection":[{"href":"https:\/\/www.chorale-locustelle.fr\/wp\/index.php?rest_route=\/wp\/v2\/pages"}],"about":[{"href":"https:\/\/www.chorale-locustelle.fr\/wp\/index.php?rest_route=\/wp\/v2\/types\/page"}],"author":[{"embeddable":true,"href":"https:\/\/www.chorale-locustelle.fr\/wp\/index.php?rest_route=\/wp\/v2\/users\/1"}],"replies":[{"embeddable":true,"href":"https:\/\/www.chorale-locustelle.fr\/wp\/index.php?rest_route=%2Fwp%2Fv2%2Fcomments&post=333"}],"version-history":[{"count":15,"href":"https:\/\/www.chorale-locustelle.fr\/wp\/index.php?rest_route=\/wp\/v2\/pages\/333\/revisions"}],"predecessor-version":[{"id":423,"href":"https:\/\/www.chorale-locustelle.fr\/wp\/index.php?rest_route=\/wp\/v2\/pages\/333\/revisions\/423"}],"up":[{"embeddable":true,"href":"https:\/\/www.chorale-locustelle.fr\/wp\/index.php?rest_route=\/wp\/v2\/pages\/48"}],"wp:attachment":[{"href":"https:\/\/www.chorale-locustelle.fr\/wp\/index.php?rest_route=%2Fwp%2Fv2%2Fmedia&parent=333"}],"curies":[{"name":"wp","href":"https:\/\/api.w.org\/{rel}","templated":true}]}}